{"id":420,"date":"2016-09-02T13:12:05","date_gmt":"2016-09-02T13:12:05","guid":{"rendered":"http:\/\/vivariumdemeyrin.ch\/wp\/?page_id=420"},"modified":"2022-11-10T10:46:27","modified_gmt":"2022-11-10T10:46:27","slug":"historique-2","status":"publish","type":"page","link":"https:\/\/vivariumdemeyrin.ch\/?page_id=420","title":{"rendered":"Historique"},"content":{"rendered":"<p><strong><span style=\"color: #008000;\">1979<\/span><br \/>\n<\/strong>En juin, trois herp\u00e9tologistes amateurs d\u00e9cident de se regrouper et fondent\u00a0<span style=\"color: #008000;\"><strong><em>Elapso\u00efdea<\/em><\/strong><\/span>\u00a0(nom de genre d&rsquo;un serpent fouisseur africain).<\/p>\n<p><strong><span style=\"color: #008000;\">1980<\/span><br \/>\n<\/strong><em>Elapso\u00efdea<\/em>, vivarium priv\u00e9, se dote du statut d&rsquo;Association \u00e0 but non lucratif et compte cinq membres. L&rsquo;association organise une \u00e9cole des reptiles,\u00a0<em>Elapso\u00efdea juv\u00e9nile<\/em>,\u00a0qui compte quatre membres.<\/p>\n<p><strong><span style=\"color: #008000;\">1981<\/span><br \/>\n<\/strong><em>Elapso\u00efdea<\/em>\u00a0organise une tourn\u00e9e dans certaines \u00e9coles genevoises.<br \/>\nElle reproduit quinze esp\u00e8ces de serpents dans ses locaux.<\/p>\n<p><strong><span style=\"color: #008000;\">1982<\/span><br \/>\n<\/strong><em>Elapso\u00efdea<\/em>\u00a0obtient le statut de Fondation culturelle \u00e0 but non lucratif (statuts).<\/p>\n<p><strong><span style=\"color: #008000;\">1983<\/span><br \/>\n<\/strong><em>Elapso\u00efdea<\/em>\u00a0compte plus de cinquante membres actifs et passifs, poss\u00e8de environ deux cent cinquante reptiles et deux cent vingt terrariums.<br \/>\nLa Fondation publie deux brochures: 1 &#8211; Pr\u00e9sentation et 2 &#8211; R\u00f4le, mode de vie et physiologie des serpents.<br \/>\nElle organise une exposition publique dans un grand centre commercial.<\/p>\n<p><strong><span style=\"color: #008000;\">1984<\/span><br \/>\n<\/strong><em>Elapso\u00efdea<\/em>\u00a0organise une exposition publique et une tourn\u00e9e dans les \u00e9coles genevoises.<br \/>\nPlus de vingt esp\u00e8ces de serpents sont reproduites dans ses locaux.<\/p>\n<p><strong><span style=\"color: #008000;\">1985<\/span><br \/>\n<\/strong><em>Elapso\u00efdea<\/em>\u00a0compte plus de soixante membres, dont une dizaine \u00e0 l&rsquo;\u00e9tranger.<br \/>\nUne \u00e9dition sp\u00e9ciale est publi\u00e9e: \u00a0<span style=\"color: #008000;\"><strong>\u00ab\u00a0Checklist and Keys to the Terrestrial Proteroglyphs of the World\u00a0\u00bb<\/strong><\/span>, une liste mondiale des serpents venimeux \u00e0 crochets fixes.<br \/>\nLa Fondation ouvre \u00e0 Fribourg un centre ext\u00e9rieur de reproduction pour la faune ophidienne suisse et europ\u00e9enne.<br \/>\nEn novembre, elle organise\u00a0<em>les journ\u00e9es d&rsquo;Elapso\u00efdea<\/em>\u00a0avec comme invit\u00e9 d&rsquo;honneur Carl GANS.<\/p>\n<p><strong><span style=\"color: #008000;\">1986<\/span><br \/>\n<\/strong><em>Elapso\u00efdea<\/em>\u00a0cr\u00e9e un centre de donn\u00e9es sur la reproduction et un centre de documentation.<br \/>\nLa Fondation s&rsquo;\u00e9tend et ouvre\u00a0<em>Elapso\u00efdea Sion<\/em>\u00a0et\u00a0<em>Elapso\u00efdea C\u00f4te d&rsquo;Azur<\/em>.<br \/>\nUne tourn\u00e9e de conf\u00e9rences et d&rsquo;expositions est organis\u00e9e dans les \u00e9coles fribourgeoises.<\/p>\n<p><strong><span style=\"color: #008000;\">1987<\/span><br \/>\n<\/strong><em>Elapso\u00efdea<\/em>\u00a0cr\u00e9e un centre de donn\u00e9es sur les pathologies.<br \/>\nPublication d&rsquo;un dossier:\u00a0<em>Chondropython viridis<\/em>.<br \/>\nEn novembre, organisation des\u00a0<em>journ\u00e9es Elapso\u00efdea<\/em>.<\/p>\n<p><strong><span style=\"color: #008000;\">1988<\/span><br \/>\n<\/strong><em>Elapso\u00efdea<\/em>\u00a0d\u00e9m\u00e9nage provisoirement \u00e0 l&rsquo;animalerie d&rsquo;Arare et y poursuit ses activit\u00e9s.<br \/>\nLa Fondation compte maintenant plus de cent cinquante membres.<\/p>\n<p><strong><span style=\"color: #008000;\">1989<\/span><br \/>\n<\/strong>Obtention d&rsquo;un permis de construire et d&rsquo;un droit de superficie pour construire un Vivarium \u00e0 Meyrin, pr\u00e8s de l&rsquo;A\u00e9roport de Gen\u00e8ve.<br \/>\nOrganisation d&rsquo;une grande exposition \u00e0 Gen\u00e8ve avec plus de quatre-vingt mille visiteurs et pr\u00e9sentation de la maquette du Vivarium.<\/p>\n<p><strong><span style=\"color: #008000;\">1991<\/span><br \/>\n<\/strong>En juillet, d\u00e9but de la construction du\u00a0<span style=\"color: #008000;\"><strong>Vivarium Elapso\u00efdea<\/strong><\/span><\/p>\n<p><strong><span style=\"color: #008000;\">1992<\/span><br \/>\n<\/strong>En mars, le gros oeuvre est termin\u00e9.<br \/>\nEn ao\u00fbt, la construction du Vivarium est achev\u00e9e.<br \/>\nEn novembre, le Vivarium\u00a0<em>Elapso\u00efdea\u00a0<\/em>ouvre ses portes.<\/p>\n<p><strong><span style=\"color: #008000;\">1993<\/span><br \/>\n<\/strong><em>Elapso\u00efdea<\/em>\u00a0organise \u00e0 Gen\u00e8ve une grande exposition concernant les venins avec plus de cinquante mille visiteurs.<br \/>\nPublication de <span style=\"color: #008000;\"><strong>\u00ab\u00a0<\/strong><strong>Endoglyphs and Other Major Venomous Snakes of the World. A Checklist\u00a0\u00bb<\/strong><\/span>, une liste mondiale des serpents venimeux potentiellement dangereux.<br \/>\nPublication de \u00a0<span style=\"color: #008000;\"><strong>\u00ab\u00a0<\/strong><strong>Les Aventures de Natrix\u00a0\u00bb<\/strong><\/span>, une bande dessin\u00e9e dont l&rsquo;h\u00e9ro\u00efne, une couleuvre \u00e0 collier, d\u00e9couvre son environnement.<\/p>\n<p><strong><span style=\"color: #008000;\">1995<\/span><br \/>\n<\/strong><em>Elapso\u00efdea<\/em>\u00a0organise une grande exposition de tortues \u00e0 Gen\u00e8ve attirant\u00a0plus de soixante mille visiteurs.<\/p>\n<p><strong><span style=\"color: #008000;\">2000<\/span><br \/>\n<\/strong><em>Elapso\u00efdea<\/em>\u00a0organise une exposition concernant les\u00a0<span style=\"color: #008000;\"><strong>amphibiens et reptiles japonais<\/strong><\/span>\u00a0au Vivarium.<\/p>\n<p><strong><span style=\"color: #008000;\">2003<\/span><br \/>\n<\/strong><em>Elapso\u00efdea<\/em>\u00a0organise une grande exposition dans un grand centre commercial: <span style=\"color: #008000;\"><strong>\u00ab\u00a0L&rsquo;art est dans la nature\u00a0\u00bb<\/strong><\/span>. <span style=\"font-size: 12.1599998474121px; line-height: 1.3em;\"><br \/>\n<\/span><\/p>\n<p><strong><span style=\"color: #008000;\">2006<\/span><br \/>\n<\/strong><em>Elapso\u00efdea<\/em>\u00a0organise une exposition dans un grand centre commercial: <strong><span style=\"color: #008000;\">\u00ab\u00a0CoBrA&rsquo;s: mythes et l\u00e9gendes\u00a0\u00bb<\/span><\/strong>.<\/p>\n<p><span lang=\"FR-CH\"><span style=\"color: #008000;\"><strong>2007<\/strong><\/span><br \/>\nSeptembre 2007, cr\u00e9ation de l\u2019Association\u00a0<em>Elapsoidea-Vivarium<\/em>\u00a0 par trois nouveaux membres.<\/span><\/p>\n<p><span style=\"color: #008000;\"><strong>2007-2008<\/strong><\/span><br \/>\nD\u00e9cembre 2007 janvier 2008, exposition <strong><span style=\"color: #008000;\">\u00ab\u00a0le monde myst\u00e9rieux des Dendrobates\u00a0\u00bb <\/span><\/strong>au Vivarium.<\/p>\n<p><span style=\"color: #008000;\"><strong>2010<\/strong><\/span><br \/>\nNovembre, l\u2019\u00e9cole des reptiles f\u00eate ses trente ans.<\/p>\n<p><span style=\"color: #008000;\"><strong>2013<\/strong><\/span><strong><br \/>\n<\/strong>Mai-juin<em> Elapso\u00efdea<\/em>\u00a0organise une exposition de reptiles dans un grand centre commercial, plus de quarante esp\u00e8ces pr\u00e9sent\u00e9es.<\/p>\n<p><span style=\"color: #008000;\"><strong>2014-2015<\/strong><\/span><strong><br \/>\n<\/strong><em>Elapso\u00efdea<\/em>\u00a0obtient un soutien de la Fondation meyrinoise pour la promotion culturelle, d\u2019int\u00e9r\u00eat g\u00e9n\u00e9ral, sportive et sociale\u00a0; pour le remplacement des anciens terrariums d\u2019\u00e9levage en bois par des terrarium en mati\u00e8res synth\u00e9tique.<\/p>\n<p><span style=\"color: #008000;\"><strong>2015<\/strong><\/span><strong><br \/>\n<\/strong>Novembre<em> Elapso\u00efdea<\/em>\u00a0pr\u00e9sente le m\u00e9tier de gardien d\u2019animaux lors de la <span style=\"color: #008000;\"><strong>\u00ab\u00a0Cit\u00e9 des M\u00e9tiers\u00a0\u00bb<\/strong><\/span> \u00e0 Palexpo.<\/p>\n<p><span style=\"color: #008000;\"><strong>2017<\/strong><\/span><strong><br \/>\n<\/strong>Novembre \u00e0 janvier 2018 le Vivarium de Meyrin\u00a0f\u00eate ses 25 ans et organise une exposition de photos et d\u2019archives retra\u00e7ant son histoire.<\/p>\n<p><span style=\"color: #008000;\"><strong>2018-2019<\/strong><\/span><strong><br \/>\n<\/strong><em>Elapso\u00efdea <\/em>obtient les soutiens de plusieurs fondations pour la r\u00e9novation de son hall d\u2019entr\u00e9e et de sa charte graphique.<\/p>\n<p><span style=\"color: #008000;\"><strong>2020-2021<\/strong><\/span><strong><br \/>\n<\/strong>De mars \u00e0 juin 2020 et de novembre 2020 \u00e0 avril 2021 le Vivarium de Meyrin doit fermer ces portes pour raison de Covid 19.<\/p>\n<p><span style=\"color: #008000;\"><strong>2022<\/strong><\/span><\/p>\n<p>Juin, l\u2019\u00e9cole des reptiles f\u00eate ses 40 ans par une journ\u00e9e portes ouvertes et un barbecue avec ces anciens moniteurs et \u00e9l\u00e8ves.<\/p>\n","protected":false},"excerpt":{"rendered":"<p>1979 En juin, trois herp\u00e9tologistes amateurs d\u00e9cident de se regrouper et fondent\u00a0Elapso\u00efdea\u00a0(nom de genre d&rsquo;un serpent fouisseur africain). 1980 Elapso\u00efdea, vivarium priv\u00e9, se dote du statut d&rsquo;Association \u00e0 but non lucratif et compte cinq membres. L&rsquo;association organise une \u00e9cole des reptiles,\u00a0Elapso\u00efdea juv\u00e9nile,\u00a0qui compte quatre membres. 1981 Elapso\u00efdea\u00a0organise une tourn\u00e9e dans certaines \u00e9coles genevoises. Elle reproduit <a href=\"https:\/\/vivariumdemeyrin.ch\/?page_id=420\" rel=\"nofollow\"><span class=\"sr-only\">En savoir plus surHistorique<\/span>[&hellip;]<\/a><\/p>\n","protected":false},"author":2,"featured_media":0,"parent":0,"menu_order":0,"comment_status":"closed","ping_status":"closed","template":"","meta":{"jetpack_post_was_ever_published":false},"jetpack_sharing_enabled":true,"jetpack_shortlink":"https:\/\/wp.me\/P6KoXt-6M","jetpack-related-posts":[{"id":11,"url":"https:\/\/vivariumdemeyrin.ch\/?page_id=11","url_meta":{"origin":420,"position":0},"title":"Historique ancien","date":"14 ao\u00fbt 2015","format":false,"excerpt":"1979 En juin, trois herp\u00e9tologistes amateurs d\u00e9cident de se regrouper et fondent\u00a0Elapso\u00efdea\u00a0(nom de genre d'un serpent fouisseur africain). 1980 Elapso\u00efdea, vivarium priv\u00e9, se dote du statut d'Association \u00e0 but non lucratif et compte cinq membres. L'association organise une \u00e9cole des reptiles,\u00a0Elapso\u00efdea juv\u00e9nile,\u00a0qui compte quatre membres. 1981 Elapso\u00efdea\u00a0organise une tourn\u00e9e dans\u2026","rel":"","context":"Article similaire","img":{"alt_text":"","src":"https:\/\/i0.wp.com\/www.vivariumdemeyrin.ch\/images\/site\/historique.jpg?resize=350%2C200","width":350,"height":200},"classes":[]},{"id":206,"url":"https:\/\/vivariumdemeyrin.ch\/?page_id=206","url_meta":{"origin":420,"position":1},"title":"Association Elapso\u00efdea","date":"10 mai 2016","format":false,"excerpt":"Devenez membres ! Vous avez \u00e9t\u00e9 s\u00e9duit par votre visite et vous souhaitez soutenir les activit\u00e9s du Vivarium de Meyrin ? Vous \u00eates herp\u00e9tologiste amateur, quel que soit votre niveau et souhaitez participer aux activit\u00e9s terrariophiles propos\u00e9es par l\u2019association ? Devenez membre de l\u2019association Elapso\u00efdea \u2013 Vivarium de Meyrin\u00a0: Cotisation\u2026","rel":"","context":"Article similaire","img":{"alt_text":"","src":"","width":0,"height":0},"classes":[]},{"id":396,"url":"https:\/\/vivariumdemeyrin.ch\/?page_id=396","url_meta":{"origin":420,"position":2},"title":"Devenez Membres","date":"2 septembre 2016","format":false,"excerpt":"Vous avez \u00e9t\u00e9 s\u00e9duit par votre visite et vous souhaitez soutenir les activit\u00e9s du Vivarium de Meyrin\u00a0? Vous \u00eates herp\u00e9tologiste amateur, quel que soit votre niveau et souhaitez participer aux activit\u00e9s terrariophiles propos\u00e9es par l\u2019association\u00a0? Devenez membre de l\u2019association\u00a0Elapso\u00efdea \u2013 Vivarium de Meyrin\u00a0: Cotisation individuelle 50.- par ann\u00e9e. Pour ce\u2026","rel":"","context":"Article similaire","img":{"alt_text":"","src":"","width":0,"height":0},"classes":[]},{"id":203,"url":"https:\/\/vivariumdemeyrin.ch\/?page_id=203","url_meta":{"origin":420,"position":3},"title":"Association","date":"10 mai 2016","format":false,"excerpt":"Association Elapso\u00efdea Ecole des reptiles","rel":"","context":"Article similaire","img":{"alt_text":"","src":"","width":0,"height":0},"classes":[]},{"id":295,"url":"https:\/\/vivariumdemeyrin.ch\/?page_id=295","url_meta":{"origin":420,"position":4},"title":"La Pension","date":"1 septembre 2016","format":false,"excerpt":"Animaux recueillis\u00a0: Depuis quelques ann\u00e9es, la cote de popularit\u00e9 des reptiles ne cesse d\u2019augmenter. Cela est d\u00fb non seulement \u00e0 un acc\u00e8s aux informations les concernant, bien plus facile qu\u2019autrefois (web), mais surtout \u00e0 l\u2019ouverture croissante de commerces sp\u00e9cialis\u00e9s dans la vente de ces \u00ab\u00a0NAC\u00a0\u00bb \u00a0(nouveaux animaux de compagnie). Malheureusement,\u2026","rel":"","context":"Article similaire","img":{"alt_text":"","src":"","width":0,"height":0},"classes":[]},{"id":72,"url":"https:\/\/vivariumdemeyrin.ch\/?page_id=72","url_meta":{"origin":420,"position":5},"title":"Devenez Membres ancien","date":"17 septembre 2015","format":false,"excerpt":"Vous \u00eates s\u00e9duit par l\u2019id\u00e9e de venir voir \u00e9voluer les animaux plusieurs fois dans l\u2019ann\u00e9e\u00a0? Devenez membre passif, individuel ou familial\u00a0: -\u00a0Cotisation individuelle\u00a0\u00a0\u00a0 50.- par Ou par BVR : Versement pour En Faveur de Banque Raiffeisen de Meyrin 1217 Meyrin IBAN : CH14 8020 6000 0030 5751 6 Association Elapsoidea-Vivarium\u2026","rel":"","context":"Article similaire","img":{"alt_text":"","src":"https:\/\/i0.wp.com\/vivariumdemeyrin.ch\/images\/site\/membre.jpg?resize=350%2C200","width":350,"height":200},"classes":[]}],"_links":{"self":[{"href":"https:\/\/vivariumdemeyrin.ch\/index.php?rest_route=\/wp\/v2\/pages\/420"}],"collection":[{"href":"https:\/\/vivariumdemeyrin.ch\/index.php?rest_route=\/wp\/v2\/pages"}],"about":[{"href":"https:\/\/vivariumdemeyrin.ch\/index.php?rest_route=\/wp\/v2\/types\/page"}],"author":[{"embeddable":true,"href":"https:\/\/vivariumdemeyrin.ch\/index.php?rest_route=\/wp\/v2\/users\/2"}],"replies":[{"embeddable":true,"href":"https:\/\/vivariumdemeyrin.ch\/index.php?rest_route=%2Fwp%2Fv2%2Fcomments&post=420"}],"version-history":[{"count":7,"href":"https:\/\/vivariumdemeyrin.ch\/index.php?rest_route=\/wp\/v2\/pages\/420\/revisions"}],"predecessor-version":[{"id":766,"href":"https:\/\/vivariumdemeyrin.ch\/index.php?rest_route=\/wp\/v2\/pages\/420\/revisions\/766"}],"wp:attachment":[{"href":"https:\/\/vivariumdemeyrin.ch\/index.php?rest_route=%2Fwp%2Fv2%2Fmedia&parent=420"}],"curies":[{"name":"wp","href":"https:\/\/api.w.org\/{rel}","templated":true}]}}