{"id":29,"date":"2015-08-14T17:57:56","date_gmt":"2015-08-14T17:57:56","guid":{"rendered":"http:\/\/vivariumdemeyrin.ch\/wp\/?page_id=29"},"modified":"2016-12-05T11:14:18","modified_gmt":"2016-12-05T11:14:18","slug":"sponsors","status":"publish","type":"page","link":"http:\/\/vivariumdemeyrin.ch\/?page_id=29","title":{"rendered":"Sponsors"},"content":{"rendered":"<div class=\"menulistitem\">\n<p><img data-attachment-id=\"589\" data-permalink=\"http:\/\/vivariumdemeyrin.ch\/?attachment_id=589\" data-orig-file=\"https:\/\/i0.wp.com\/vivariumdemeyrin.ch\/wp-content\/uploads\/2015\/08\/logo_fmc.gif?fit=300%2C225\" data-orig-size=\"300,225\" data-comments-opened=\"0\" data-image-meta=\"{&quot;aperture&quot;:&quot;0&quot;,&quot;credit&quot;:&quot;&quot;,&quot;camera&quot;:&quot;&quot;,&quot;caption&quot;:&quot;&quot;,&quot;created_timestamp&quot;:&quot;0&quot;,&quot;copyright&quot;:&quot;&quot;,&quot;focal_length&quot;:&quot;0&quot;,&quot;iso&quot;:&quot;0&quot;,&quot;shutter_speed&quot;:&quot;0&quot;,&quot;title&quot;:&quot;&quot;,&quot;orientation&quot;:&quot;0&quot;}\" data-image-title=\"logo_fmc\" data-image-description=\"\" data-image-caption=\"\" data-medium-file=\"https:\/\/i0.wp.com\/vivariumdemeyrin.ch\/wp-content\/uploads\/2015\/08\/logo_fmc.gif?fit=300%2C225\" data-large-file=\"https:\/\/i0.wp.com\/vivariumdemeyrin.ch\/wp-content\/uploads\/2015\/08\/logo_fmc.gif?fit=300%2C225\" decoding=\"async\" loading=\"lazy\" class=\"alignleft wp-image-589\" src=\"https:\/\/i0.wp.com\/vivariumdemeyrin.ch\/wp\/wp-content\/uploads\/2015\/08\/logo_fmc-300x225.gif?resize=200%2C150\" alt=\"logo_fmc\" width=\"200\" height=\"150\" srcset=\"https:\/\/i0.wp.com\/vivariumdemeyrin.ch\/wp-content\/uploads\/2015\/08\/logo_fmc.gif?resize=300%2C225 300w, https:\/\/i0.wp.com\/vivariumdemeyrin.ch\/wp-content\/uploads\/2015\/08\/logo_fmc.gif?resize=285%2C214 285w\" sizes=\"(max-width: 200px) 100vw, 200px\" data-recalc-dims=\"1\" \/><\/p>\n<\/div>\n<p>&nbsp;<\/p>\n<p>&nbsp;<\/p>\n<p>&nbsp;<\/p>\n<p>&nbsp;<\/p>\n<p>&nbsp;<\/p>\n<p><img data-attachment-id=\"591\" data-permalink=\"http:\/\/vivariumdemeyrin.ch\/?attachment_id=591\" data-orig-file=\"https:\/\/i0.wp.com\/vivariumdemeyrin.ch\/wp-content\/uploads\/2015\/08\/LOGO_MEYRIN_CMYK.jpg?fit=197%2C126\" data-orig-size=\"197,126\" data-comments-opened=\"0\" data-image-meta=\"{&quot;aperture&quot;:&quot;0&quot;,&quot;credit&quot;:&quot;&quot;,&quot;camera&quot;:&quot;&quot;,&quot;caption&quot;:&quot;&quot;,&quot;created_timestamp&quot;:&quot;0&quot;,&quot;copyright&quot;:&quot;&quot;,&quot;focal_length&quot;:&quot;0&quot;,&quot;iso&quot;:&quot;0&quot;,&quot;shutter_speed&quot;:&quot;0&quot;,&quot;title&quot;:&quot;&quot;,&quot;orientation&quot;:&quot;0&quot;}\" data-image-title=\"LOGO_MEYRIN_CMYK\" data-image-description=\"\" data-image-caption=\"\" data-medium-file=\"https:\/\/i0.wp.com\/vivariumdemeyrin.ch\/wp-content\/uploads\/2015\/08\/LOGO_MEYRIN_CMYK.jpg?fit=197%2C126\" data-large-file=\"https:\/\/i0.wp.com\/vivariumdemeyrin.ch\/wp-content\/uploads\/2015\/08\/LOGO_MEYRIN_CMYK.jpg?fit=197%2C126\" decoding=\"async\" loading=\"lazy\" class=\"alignnone wp-image-591\" src=\"https:\/\/i0.wp.com\/vivariumdemeyrin.ch\/wp\/wp-content\/uploads\/2015\/08\/LOGO_MEYRIN_CMYK.jpg?resize=200%2C128\" alt=\"LOGO_MEYRIN_CMYK\" width=\"200\" height=\"128\" data-recalc-dims=\"1\" \/><\/p>\n<p>&nbsp;<\/p>\n<p><img data-attachment-id=\"593\" data-permalink=\"http:\/\/vivariumdemeyrin.ch\/?attachment_id=593\" data-orig-file=\"https:\/\/i0.wp.com\/vivariumdemeyrin.ch\/wp-content\/uploads\/2015\/08\/Firmenich-Logo_600px.gif?fit=600%2C161\" data-orig-size=\"600,161\" data-comments-opened=\"0\" data-image-meta=\"{&quot;aperture&quot;:&quot;0&quot;,&quot;credit&quot;:&quot;&quot;,&quot;camera&quot;:&quot;&quot;,&quot;caption&quot;:&quot;&quot;,&quot;created_timestamp&quot;:&quot;0&quot;,&quot;copyright&quot;:&quot;&quot;,&quot;focal_length&quot;:&quot;0&quot;,&quot;iso&quot;:&quot;0&quot;,&quot;shutter_speed&quot;:&quot;0&quot;,&quot;title&quot;:&quot;&quot;,&quot;orientation&quot;:&quot;0&quot;}\" data-image-title=\"Firmenich-Logo_600px\" data-image-description=\"\" data-image-caption=\"\" data-medium-file=\"https:\/\/i0.wp.com\/vivariumdemeyrin.ch\/wp-content\/uploads\/2015\/08\/Firmenich-Logo_600px.gif?fit=300%2C81\" data-large-file=\"https:\/\/i0.wp.com\/vivariumdemeyrin.ch\/wp-content\/uploads\/2015\/08\/Firmenich-Logo_600px.gif?fit=600%2C161\" decoding=\"async\" loading=\"lazy\" class=\"alignnone wp-image-593\" src=\"https:\/\/i0.wp.com\/vivariumdemeyrin.ch\/wp\/wp-content\/uploads\/2015\/08\/Firmenich-Logo_600px-300x81.gif?resize=200%2C54\" alt=\"Firmenich-Logo_600px\" width=\"200\" height=\"54\" srcset=\"https:\/\/i0.wp.com\/vivariumdemeyrin.ch\/wp-content\/uploads\/2015\/08\/Firmenich-Logo_600px.gif?resize=300%2C81 300w, https:\/\/i0.wp.com\/vivariumdemeyrin.ch\/wp-content\/uploads\/2015\/08\/Firmenich-Logo_600px.gif?resize=600%2C161 600w\" sizes=\"(max-width: 200px) 100vw, 200px\" data-recalc-dims=\"1\" \/><\/p>\n<p>&nbsp;<\/p>\n<p><strong><a href=\"http:\/\/www.loro.ch\/\" target=\"_blank\">Loterie Romande<\/a><\/strong><a href=\"http:\/\/www.loro.ch\/\" target=\"_blank\"><img data-attachment-id=\"412\" data-permalink=\"http:\/\/vivariumdemeyrin.ch\/?attachment_id=412\" data-orig-file=\"https:\/\/i0.wp.com\/vivariumdemeyrin.ch\/wp-content\/uploads\/2015\/08\/loterie.jpg?fit=180%2C130\" data-orig-size=\"180,130\" data-comments-opened=\"1\" data-image-meta=\"{&quot;aperture&quot;:&quot;0&quot;,&quot;credit&quot;:&quot;&quot;,&quot;camera&quot;:&quot;&quot;,&quot;caption&quot;:&quot;&quot;,&quot;created_timestamp&quot;:&quot;0&quot;,&quot;copyright&quot;:&quot;&quot;,&quot;focal_length&quot;:&quot;0&quot;,&quot;iso&quot;:&quot;0&quot;,&quot;shutter_speed&quot;:&quot;0&quot;,&quot;title&quot;:&quot;&quot;,&quot;orientation&quot;:&quot;1&quot;}\" data-image-title=\"\" data-image-description=\"\" data-image-caption=\"\" data-medium-file=\"https:\/\/i0.wp.com\/vivariumdemeyrin.ch\/wp-content\/uploads\/2015\/08\/loterie.jpg?fit=180%2C130\" data-large-file=\"https:\/\/i0.wp.com\/vivariumdemeyrin.ch\/wp-content\/uploads\/2015\/08\/loterie.jpg?fit=180%2C130\" decoding=\"async\" loading=\"lazy\" class=\"alignleft wp-image-412\" src=\"https:\/\/i0.wp.com\/vivariumdemeyrin.ch\/wp\/wp-content\/uploads\/2015\/08\/loterie.jpg?resize=200%2C144\" width=\"200\" height=\"144\" data-recalc-dims=\"1\" \/><\/a><\/p>\n<div class=\"menulistitem\">\n<p>La Loterie Romande est une soci\u00e9t\u00e9 d\u2019utilit\u00e9 publique qui, depuis plus de 70 ans, assure l\u2019organisation et l\u2019exploitation de jeux de loterie et de paris dans les cantons romands.<\/p>\n<\/div>\n<div class=\"menulistitem\">\n<p>&nbsp;<\/p>\n<p>&nbsp;<\/p>\n<p><strong><a href=\"http:\/\/www.lafondationmeyrinoise.ch\/\" target=\"_blank\">Fondation meyrinoise pour la promotion culturelle, sportive et sociale<\/a><\/strong><a href=\"http:\/\/www.lafondationmeyrinoise.ch\/\" target=\"_blank\"><img data-attachment-id=\"411\" data-permalink=\"http:\/\/vivariumdemeyrin.ch\/?attachment_id=411\" data-orig-file=\"https:\/\/i0.wp.com\/vivariumdemeyrin.ch\/wp-content\/uploads\/2015\/08\/laFondation.jpg?fit=180%2C130\" data-orig-size=\"180,130\" data-comments-opened=\"1\" data-image-meta=\"{&quot;aperture&quot;:&quot;0&quot;,&quot;credit&quot;:&quot;&quot;,&quot;camera&quot;:&quot;&quot;,&quot;caption&quot;:&quot;&quot;,&quot;created_timestamp&quot;:&quot;0&quot;,&quot;copyright&quot;:&quot;&quot;,&quot;focal_length&quot;:&quot;0&quot;,&quot;iso&quot;:&quot;0&quot;,&quot;shutter_speed&quot;:&quot;0&quot;,&quot;title&quot;:&quot;&quot;,&quot;orientation&quot;:&quot;1&quot;}\" data-image-title=\"\" data-image-description=\"\" data-image-caption=\"\" data-medium-file=\"https:\/\/i0.wp.com\/vivariumdemeyrin.ch\/wp-content\/uploads\/2015\/08\/laFondation.jpg?fit=180%2C130\" data-large-file=\"https:\/\/i0.wp.com\/vivariumdemeyrin.ch\/wp-content\/uploads\/2015\/08\/laFondation.jpg?fit=180%2C130\" decoding=\"async\" loading=\"lazy\" class=\"alignleft wp-image-411\" src=\"https:\/\/i0.wp.com\/vivariumdemeyrin.ch\/wp\/wp-content\/uploads\/2015\/08\/laFondation.jpg?resize=200%2C144\" width=\"200\" height=\"144\" data-recalc-dims=\"1\" \/><\/a><\/p>\n<p>Soutenir par tous moyens des projets culturels, sportifs ou sociaux, d&rsquo;int\u00e9r\u00eat g\u00e9n\u00e9ral ou d&rsquo;utilit\u00e9 publique, pour la commune de Meyrin et la r\u00e9gion meyrinoise.<\/p>\n<\/div>\n<p>&nbsp;<\/p>\n<p>&nbsp;<\/p>\n<p>&nbsp;<\/p>\n<div class=\"menulistitem\">\n<p><strong><a href=\"http:\/\/www.raiffeisen.ch\/\" target=\"_blank\"><img data-attachment-id=\"413\" data-permalink=\"http:\/\/vivariumdemeyrin.ch\/?attachment_id=413\" data-orig-file=\"https:\/\/i0.wp.com\/vivariumdemeyrin.ch\/wp-content\/uploads\/2015\/08\/raiffeisen.jpg?fit=180%2C130\" data-orig-size=\"180,130\" data-comments-opened=\"1\" data-image-meta=\"{&quot;aperture&quot;:&quot;0&quot;,&quot;credit&quot;:&quot;&quot;,&quot;camera&quot;:&quot;&quot;,&quot;caption&quot;:&quot;&quot;,&quot;created_timestamp&quot;:&quot;0&quot;,&quot;copyright&quot;:&quot;&quot;,&quot;focal_length&quot;:&quot;0&quot;,&quot;iso&quot;:&quot;0&quot;,&quot;shutter_speed&quot;:&quot;0&quot;,&quot;title&quot;:&quot;&quot;,&quot;orientation&quot;:&quot;1&quot;}\" data-image-title=\"\" data-image-description=\"\" data-image-caption=\"\" data-medium-file=\"https:\/\/i0.wp.com\/vivariumdemeyrin.ch\/wp-content\/uploads\/2015\/08\/raiffeisen.jpg?fit=180%2C130\" data-large-file=\"https:\/\/i0.wp.com\/vivariumdemeyrin.ch\/wp-content\/uploads\/2015\/08\/raiffeisen.jpg?fit=180%2C130\" decoding=\"async\" loading=\"lazy\" class=\"alignleft wp-image-413\" src=\"https:\/\/i0.wp.com\/vivariumdemeyrin.ch\/wp\/wp-content\/uploads\/2015\/08\/raiffeisen.jpg?resize=200%2C144\" width=\"200\" height=\"144\" data-recalc-dims=\"1\" \/><\/a><\/strong><\/p>\n<p><strong><a href=\"http:\/\/www.raiffeisen.ch\/\" target=\"_blank\">Banque Reiffeisen<\/a><\/strong><\/p>\n<p>Ces derni\u00e8res ann\u00e9es, Raiffeisen s&rsquo;est \u00e9tabli comme le troisi\u00e8me groupe bancaire de Suisse. En tant que groupe bancaire de forme coop\u00e9rative, il compte au nombre des principales banques de d\u00e9tail en Suisse.<\/p>\n<\/div>\n","protected":false},"excerpt":{"rendered":"<p>&nbsp; &nbsp; &nbsp; &nbsp; &nbsp; &nbsp; &nbsp; Loterie Romande La Loterie Romande est une soci\u00e9t\u00e9 d\u2019utilit\u00e9 publique qui, depuis plus de 70 ans, assure l\u2019organisation et l\u2019exploitation de jeux de loterie et de paris dans les cantons romands. &nbsp; &nbsp; Fondation meyrinoise pour la promotion culturelle, sportive et sociale Soutenir par tous moyens des projets <a href=\"http:\/\/vivariumdemeyrin.ch\/?page_id=29\" rel=\"nofollow\"><span class=\"sr-only\">En savoir plus surSponsors<\/span>[&hellip;]<\/a><\/p>\n","protected":false},"author":1,"featured_media":0,"parent":0,"menu_order":0,"comment_status":"closed","ping_status":"open","template":"","meta":{"jetpack_post_was_ever_published":false},"jetpack_sharing_enabled":true,"jetpack_shortlink":"https:\/\/wp.me\/P6KoXt-t","jetpack-related-posts":[{"id":420,"url":"http:\/\/vivariumdemeyrin.ch\/?page_id=420","url_meta":{"origin":29,"position":0},"title":"Historique","date":"2 septembre 2016","format":false,"excerpt":"1979 En juin, trois herp\u00e9tologistes amateurs d\u00e9cident de se regrouper et fondent\u00a0Elapso\u00efdea\u00a0(nom de genre d'un serpent fouisseur africain). 1980 Elapso\u00efdea, vivarium priv\u00e9, se dote du statut d'Association \u00e0 but non lucratif et compte cinq membres. L'association organise une \u00e9cole des reptiles,\u00a0Elapso\u00efdea juv\u00e9nile,\u00a0qui compte quatre membres. 1981 Elapso\u00efdea\u00a0organise une tourn\u00e9e dans\u2026","rel":"","context":"Article similaire","img":{"alt_text":"","src":"","width":0,"height":0},"classes":[]},{"id":11,"url":"http:\/\/vivariumdemeyrin.ch\/?page_id=11","url_meta":{"origin":29,"position":1},"title":"Historique ancien","date":"14 ao\u00fbt 2015","format":false,"excerpt":"1979 En juin, trois herp\u00e9tologistes amateurs d\u00e9cident de se regrouper et fondent\u00a0Elapso\u00efdea\u00a0(nom de genre d'un serpent fouisseur africain). 1980 Elapso\u00efdea, vivarium priv\u00e9, se dote du statut d'Association \u00e0 but non lucratif et compte cinq membres. L'association organise une \u00e9cole des reptiles,\u00a0Elapso\u00efdea juv\u00e9nile,\u00a0qui compte quatre membres. 1981 Elapso\u00efdea\u00a0organise une tourn\u00e9e dans\u2026","rel":"","context":"Article similaire","img":{"alt_text":"","src":"https:\/\/i0.wp.com\/www.vivariumdemeyrin.ch\/images\/site\/historique.jpg?resize=350%2C200","width":350,"height":200},"classes":[]},{"id":13,"url":"http:\/\/vivariumdemeyrin.ch\/?page_id=13","url_meta":{"origin":29,"position":2},"title":"Infos Pratiques","date":"14 ao\u00fbt 2015","format":false,"excerpt":"Adresse Tarifs* Horaires* 32a, rue Cardinal-Journet 1217 Meyrin SuisseT\u00e9l.: +41(0)22.785.60.60 E-Mail:\u00a0Vivarium info@vivariumdemeyrin.ch Tarifs individuels Adultes : 11.- Enfants (de 6 \u00e0 16 ans) : 6.- AVS, AI, \u00e9tudiants, ch\u00f4meurs : 9.-Tarifs de groupe (min. 10, max. 20 personnes) De 6 \u00e0 16 ans : 5.- Plus de 16 ans :\u2026","rel":"","context":"Article similaire","img":{"alt_text":"","src":"","width":0,"height":0},"classes":[]},{"id":693,"url":"http:\/\/vivariumdemeyrin.ch\/?page_id=693","url_meta":{"origin":29,"position":3},"title":"Infos Pratiques","date":"9 octobre 2019","format":false,"excerpt":"Adresse 32a, rue Cardinal-Journet 1217 Meyrin SuisseT\u00e9l.: +41(0)22.785.60.60 E-Mail:\u00a0Vivarium info@vivariumdemeyrin.ch Tarifs* Tarifs individuels Adultes : 11.- Enfants (de 6 \u00e0 16 ans) : 6.- AVS, AI, \u00e9tudiants, ch\u00f4meurs : 9.- Tarifs de groupes (min. 10, max. 20 personnes) De 6 \u00e0 16 ans : 5.- Plus de 16 ans :\u2026","rel":"","context":"Article similaire","img":{"alt_text":"","src":"","width":0,"height":0},"classes":[]},{"id":295,"url":"http:\/\/vivariumdemeyrin.ch\/?page_id=295","url_meta":{"origin":29,"position":4},"title":"La Pension","date":"1 septembre 2016","format":false,"excerpt":"Animaux recueillis\u00a0: Depuis quelques ann\u00e9es, la cote de popularit\u00e9 des reptiles ne cesse d\u2019augmenter. Cela est d\u00fb non seulement \u00e0 un acc\u00e8s aux informations les concernant, bien plus facile qu\u2019autrefois (web), mais surtout \u00e0 l\u2019ouverture croissante de commerces sp\u00e9cialis\u00e9s dans la vente de ces \u00ab\u00a0NAC\u00a0\u00bb \u00a0(nouveaux animaux de compagnie). Malheureusement,\u2026","rel":"","context":"Article similaire","img":{"alt_text":"","src":"","width":0,"height":0},"classes":[]},{"id":495,"url":"http:\/\/vivariumdemeyrin.ch\/","url_meta":{"origin":29,"position":5},"title":"Bienvenue au Vivarium de Meyrin","date":"7 septembre 2016","format":false,"excerpt":"Loti \u00e0 quelques arr\u00eats de tram du centre de la cit\u00e9 de Calvin et en bout de piste de l\u2019a\u00e9roport international de Gen\u00e8ve, le vivarium de Meyrin est\u00a0un lieu de visite incontournable\u00a0du canton de Gen\u00e8ve. Venez d\u00e9couvrir et admirer plus de 200 animaux du monde entier repr\u00e9sentant environ 50 esp\u00e8ces.\u2026","rel":"","context":"Article similaire","img":{"alt_text":"","src":"https:\/\/i0.wp.com\/vivariumdemeyrin.ch\/wp-content\/uploads\/2023\/12\/Voeux-Vivarium-2024.png?fit=1200%2C675&resize=350%2C200","width":350,"height":200},"classes":[]}],"_links":{"self":[{"href":"http:\/\/vivariumdemeyrin.ch\/index.php?rest_route=\/wp\/v2\/pages\/29"}],"collection":[{"href":"http:\/\/vivariumdemeyrin.ch\/index.php?rest_route=\/wp\/v2\/pages"}],"about":[{"href":"http:\/\/vivariumdemeyrin.ch\/index.php?rest_route=\/wp\/v2\/types\/page"}],"author":[{"embeddable":true,"href":"http:\/\/vivariumdemeyrin.ch\/index.php?rest_route=\/wp\/v2\/users\/1"}],"replies":[{"embeddable":true,"href":"http:\/\/vivariumdemeyrin.ch\/index.php?rest_route=%2Fwp%2Fv2%2Fcomments&post=29"}],"version-history":[{"count":14,"href":"http:\/\/vivariumdemeyrin.ch\/index.php?rest_route=\/wp\/v2\/pages\/29\/revisions"}],"predecessor-version":[{"id":594,"href":"http:\/\/vivariumdemeyrin.ch\/index.php?rest_route=\/wp\/v2\/pages\/29\/revisions\/594"}],"wp:attachment":[{"href":"http:\/\/vivariumdemeyrin.ch\/index.php?rest_route=%2Fwp%2Fv2%2Fmedia&parent=29"}],"curies":[{"name":"wp","href":"https:\/\/api.w.org\/{rel}","templated":true}]}}